{"id":438,"date":"2020-06-13T17:51:12","date_gmt":"2020-06-13T15:51:12","guid":{"rendered":"https:\/\/waldorfkita.de\/kinderhaus\/?page_id=438"},"modified":"2023-07-21T14:49:37","modified_gmt":"2023-07-21T12:49:37","slug":"feste","status":"publish","type":"page","link":"https:\/\/waldorfkita.de\/kinderhaus\/feste\/","title":{"rendered":"Feste"},"content":{"rendered":"<div class=\"wpb-content-wrapper\"><p>[vc_row][vc_column][vc_column_text]<\/p>\n<h2 style=\"text-align: center;\">Feste im Jahreslauf<\/h2>\n<p>Das Atmen der Erde dr\u00fcckt sich in unseren Breitengraden in den Jahreszeiten aus, in die sich auch der Reigen der christlichen Feste f\u00fcgt. Und so erfahren die Kinder im Miterleben der Jahreszeiten und dem Feiern der christlichen Jahresfeste eine rhythmische Gliederung; das Allt\u00e4gliche, Sicherheitverleihende wird unterbrochen von den freudigen Ausnahmen des Feierns. Der christliche Hintergrund ist so verstanden, dass er in keiner Weise konfessionell gebunden ist und offen f\u00fcr Menschen aller Glaubensrichtungen, mit denen wir gerne in Austausch kommen.[\/vc_column_text][\/vc_column][\/vc_row][vc_row el_id=&#8220;mobile_feste&#8220;][vc_column][vc_btn title=&#8220;Johanni&#8220; style=&#8220;custom&#8220; custom_background=&#8220;#944008&#8243; custom_text=&#8220;#ffffff&#8220; size=&#8220;lg&#8220; align=&#8220;center&#8220; link=&#8220;url:https%3A%2F%2Fwaldorfkita.de%2Fkinderhaus%2Ffeste%2F%23Johanni|||&#8220;][vc_btn title=&#8220;Michaeli&#8220; style=&#8220;custom&#8220; custom_background=&#8220;#944008&#8243; custom_text=&#8220;#ffffff&#8220; size=&#8220;lg&#8220; align=&#8220;center&#8220; link=&#8220;url:https%3A%2F%2Fwaldorfkita.de%2Fkinderhaus%2Ffeste%2F%23Michaeli|||&#8220;][vc_btn title=&#8220;Martinsfest&#8220; style=&#8220;custom&#8220; custom_background=&#8220;#944008&#8243; custom_text=&#8220;#ffffff&#8220; size=&#8220;lg&#8220; align=&#8220;center&#8220; link=&#8220;url:https%3A%2F%2Fwaldorfkita.de%2Fkinderhaus%2Ffeste%2F%23Martinsfest|||&#8220;][vc_btn title=&#8220;Adventsfest&#8220; style=&#8220;custom&#8220; custom_background=&#8220;#944008&#8243; custom_text=&#8220;#ffffff&#8220; size=&#8220;lg&#8220; align=&#8220;center&#8220; link=&#8220;url:https%3A%2F%2Fwaldorfkita.de%2Fkinderhaus%2Ffeste%2F%23Adventsgaertlein|||&#8220;][vc_btn title=&#8220;Weihnachten&#8220; style=&#8220;custom&#8220; custom_background=&#8220;#944008&#8243; custom_text=&#8220;#ffffff&#8220; size=&#8220;lg&#8220; align=&#8220;center&#8220; link=&#8220;url:https%3A%2F%2Fwaldorfkita.de%2Fkinderhaus%2Ffeste%2F%23Weihnachten|||&#8220;][vc_btn title=&#8220;Dreik\u00f6nigszeit&#8220; style=&#8220;custom&#8220; custom_background=&#8220;#944008&#8243; custom_text=&#8220;#ffffff&#8220; size=&#8220;lg&#8220; align=&#8220;center&#8220; link=&#8220;url:https%3A%2F%2Fwaldorfkita.de%2Fkinderhaus%2Ffeste%2F%23Dreikoenigszeit|||&#8220;][vc_btn title=&#8220;Karneval&#8220; style=&#8220;custom&#8220; custom_background=&#8220;#944008&#8243; custom_text=&#8220;#ffffff&#8220; size=&#8220;lg&#8220; align=&#8220;center&#8220; link=&#8220;url:https%3A%2F%2Fwaldorfkita.de%2Fkinderhaus%2Ffeste%2F%23Karneval|||&#8220;][vc_btn title=&#8220;Ostern&#8220; style=&#8220;custom&#8220; custom_background=&#8220;#944008&#8243; custom_text=&#8220;#ffffff&#8220; size=&#8220;lg&#8220; align=&#8220;center&#8220; link=&#8220;url:https%3A%2F%2Fwaldorfkita.de%2Fkinderhaus%2Ffeste%2F%23Ostern|||&#8220;][vc_btn title=&#8220;Himmelfahrt&#8220; style=&#8220;custom&#8220; custom_background=&#8220;#944008&#8243; custom_text=&#8220;#ffffff&#8220; size=&#8220;lg&#8220; align=&#8220;center&#8220; link=&#8220;url:https%3A%2F%2Fwaldorfkita.de%2Fkinderhaus%2Ffeste%2F%23Himmelfahrt|||&#8220;][vc_btn title=&#8220;Pfingstfest&#8220; style=&#8220;custom&#8220; custom_background=&#8220;#944008&#8243; custom_text=&#8220;#ffffff&#8220; size=&#8220;lg&#8220; align=&#8220;center&#8220; link=&#8220;url:https%3A%2F%2Fwaldorfkita.de%2Fkinderhaus%2Ffeste%2F%23Pfingstfest|||&#8220;][\/vc_column][\/vc_row][vc_row el_id=&#8220;desktop_feste&#8220;][vc_column][rev_slider slidertitle=&#8220;Slider 1&#8243; alias=&#8220;slider-1&#8243;][\/vc_column][\/vc_row][vc_row el_id=&#8220;Ostern&#8220;][vc_column][vc_single_image image=&#8220;180&#8243; img_size=&#8220;medium&#8220; alignment=&#8220;center&#8220;][vc_column_text]<\/p>\n<h2 style=\"text-align: center;\">Ostern<\/h2>\n<p>[\/vc_column_text][vc_column_text]Die Feste Ostern, Himmelfahrt und Pfingsten bilden eine Dreiheit. Das wechselnde Datum des Ostersonntags ist bestimmt vom Fr\u00fchlingsvollmond eines jeden Jahres. Alle drei Feste finden in der Zeit statt, in der die Erde ausatmet und in der wir seelisch sehr nach au\u00dfen gehen. So sind auch die Bilder, die bei den Festen zum Erleben kommen, ganz davon gepr\u00e4gt.<\/p>\n<p>Das Erscheinen des Christus in seinen Verwandlungen vom Menschen Jesu \u00fcber den Auferstehungsleib und zur Erscheinung bei Himmelfahrt f\u00fchrt uns zu einem tieferen Verst\u00e4ndnis Seines Da-Seins und Wirkens in der Welt f\u00fcr den Menschen. Die Sonne ist ein Symbol f\u00fcr den Christus. Mit\u00a0<b>Ostern\u00a0<\/b>\u201esiegt\u201c die Sonne \u00fcber den Fr\u00fchlingsvollmond und deutet auf die \u00dcberwindung des Todes durch Christus\u2018 Auferstehung. Wie so h\u00e4ufig werden Bilder aus vorchristlicher Zeit verwendet. So sind die Ostereier Symbole der Fruchtbarkeit und der kosmischen Einheit. Die ausgeblasenen Eier werden von den Kindern selbstbemalt und nach und nach an einen gro\u00dfen Strau\u00df aus Zweigen geh\u00e4ngt \u2013 bis es vierzig an der Zahl sind und damit die Tage bis Himmelfahrt gez\u00e4hlt sind. Ein goldenes Ei erscheint nun.[\/vc_column_text][\/vc_column][\/vc_row][vc_row el_id=&#8220;Himmelfahrt&#8220;][vc_column][vc_single_image image=&#8220;177&#8243; img_size=&#8220;medium&#8220; alignment=&#8220;center&#8220;][vc_column_text]<\/p>\n<h2 style=\"text-align: center;\">Himmelfahrt<\/h2>\n<p>[\/vc_column_text][vc_column_text]An\u00a0<b>Himmelfahrt\u00a0<\/b>wird der Blick in den Himmel zu den Wolken gelenkt; dies ist die Sph\u00e4re, in die Christus aufgefahren ist \u2013 \u201eeine Wolke nahm Ihn vor ihren Augen fort\u201c.<br \/>\nSch\u00f6ne Sinnbilder der Kinder k\u00f6nnen die aufrechte Pusteblume sein, die ihre Samen aus der zarten Kugel in die Welt segelnd verstreut, um sich zu vermehren, oder auch die Seifenblasen, welche mit ihrem \u00fcberirdischen Farbenglanz, so vielgestaltig und \u201eunfassbar\u201c erscheinen.[\/vc_column_text][\/vc_column][\/vc_row][vc_row el_id=&#8220;Pfingstfest&#8220;][vc_column][vc_single_image image=&#8220;295&#8243; img_size=&#8220;medium&#8220; alignment=&#8220;center&#8220;][vc_column_text]<\/p>\n<h2 style=\"text-align: center;\">Pfingstfest<\/h2>\n<p>[\/vc_column_text][vc_column_text]Weitere 10 Tage sp\u00e4ter wird das\u00a0<b>Pfingstfest\u00a0<\/b>gefeiert. \u201eF\u00fcnfzig Tage nach dem Osterfeste waren die J\u00fcnger versammelt. In dem Zusammenklang ihrer Gedanken, dem Zusammenstr\u00f6men ihrer Empfindungen und in den gemeinsam gepflegten religi\u00f6sen \u00dcbungen ereignete sich die Begegnung mit dem Heiligen Geist\u201c. Es ist eine Gemeinschaft, die sich durch ein gemeinsames Erkenntnisbem\u00fchen \u2013 nicht durch Sympathie \u2013 zusammenfindet, welche die Herabkunft des Heiligen Geistes erfahren darf. \u201e\u2026 und es erschienen ihnen Zungen zerteilt, wie von Feuer; und er setzte sich auf einen jeden von ihnen, und sie wurden alle erf\u00fcllt von dem heiligen Geist und fingen an, zu predigen in andern Sprachen, wie der Geist ihnen gab auszusprechen.\u201c<\/p>\n<p>In der Feier werden \u2013 als Bild f\u00fcr die Verbundenheit der Gemeinschaft \u2013 auf einem runden Tisch so viele wei\u00dfe Kerzen aufgestellt als Menschen zur Gruppe geh\u00f6ren; sie werden an einer mittigen Kerze entz\u00fcndet, w\u00e4hrend man einen lieben Gedanken an einen Menschen schicken kann. Wenn alle Kerzen brennen, h\u00f6ren die Kinder ein passendes M\u00e4rchen.<\/p>\n<p>Immer wieder taucht die Taube als Sinnbild des Heiligen Geistes auf; wie bei Noah die Taube den Olivenzweig bringt als Zeichen des Friedens und des Beginns einer neuen \u00c4ra, ist sie an Pfingsten auch ein Zeichen f\u00fcr die Verbindung von Himmel und Erde. In der Zeit auf Pfingsten zu werden viele wei\u00dfe T\u00e4ubchen aus Wolle gebastelt, die an einem gr\u00fcnen Zweiglein \u201efliegend\u201c von den Kindern mit nach Hause genommen werden d\u00fcrfen.[\/vc_column_text][\/vc_column][\/vc_row][vc_row el_id=&#8220;Johanni&#8220;][vc_column][vc_single_image image=&#8220;176&#8243; img_size=&#8220;medium&#8220; alignment=&#8220;center&#8220;][vc_column_text]<\/p>\n<h2 style=\"text-align: center;\">Johanni<\/h2>\n<p>[\/vc_column_text][vc_column_text]<\/p>\n<p style=\"text-align: center;\"><b>Johanni Stimmung<\/b><\/p>\n<h5 style=\"text-align: center;\">Der Welten Sch\u00f6nheitsglanz,<br \/>\nEr zwinget mich aus Seelentiefen<br \/>\nDes Eigenlebens G\u00f6tterkr\u00e4fte<br \/>\nZum Weltenfluge zu entbinden;<br \/>\nMich selber zu verlassen,<br \/>\nVertrauend nur mich suchend<br \/>\nIn Weltenlicht und Weltenw\u00e4rme.<\/h5>\n<p style=\"text-align: center;\"><i>&#8211; R. Steiner &#8211;<\/i><\/p>\n<p>[\/vc_column_text][vc_column_text]Dieses Fest ist entstanden aus der fr\u00fcheren germanischen Sommersonnwendfeier, an welcher der Sonnenh\u00f6chststand gefeiert wurde. Bl\u00fcten, Bienen, K\u00e4fer und Schmetterlinge gibt es jetzt in H\u00fclle und F\u00fclle! Jetzt ist die elementarische Welt, die das Pflanzenwachstum tr\u00e4gt, am weitesten ausgebildet. Was in den physiologischen Prozessen der Pflanzen an Bildekr\u00e4ften wirkt, wurde von unseren Ahnen in Form von Naturgeistern (Undinen, Gnome u.a.) bildhaft wahrgenommen. Kleine Kinder und besonders begabte Menschen nehmen diesen geistigen Teil der Natur auf diese Weise wahr.<\/p>\n<p>Dieser Tag wurde gerne mit einem lodernden Feuer begangen, denn das Mitgehen des seelischen Erlebnisses mit der Natur ist auf einem H\u00f6hepunkt. Das Johannifest wird kurz nach der Sommersonnenwende am 24. Juni \u2013 der Geburtstag des heiligen Johannes \u2013 gefeiert. Ein wesentliches Motiv seiner Predigten lautet: \u201e\u00c4ndert Euren Sinn, bereitet dem Herrn den Weg!\u201c Er ist der Rufer, der zur Wendung aufruft. Das \u00e4u\u00dfere, nat\u00fcrliche Wachstum nimmt nach der Sonnenwende wieder ab; diesem Bogen des nat\u00fcrlichen Niedergangs soll der Mensch aber nicht folgen; in seinem Inneren soll er den Christus wachsen lassen, so mahnt Johannes.<\/p>\n<p>Mit den Kindern wird der sommerliche H\u00f6hepunkt zum Erlebnis gebracht mit den Sch\u00f6nheiten der Natur, die vor allem in den Liedern besungen werden; von der \u201eVogelhochzeit\u201c, dem \u201eMuttergottesgl\u00e4schen\u201c und den \u201eSonnenk\u00e4fern\u201c erz\u00e4hlen sie. Am Festtag werden Blumenkr\u00e4nze gebunden und \u00fcber einem Feuer Stockbrot gebacken. Auf den Tischen steht \u2013 neben unserem selbstgebackenen Sonnwendbrot und leuchtend roten Beeren \u2013 der Honig, von dem sich auch Johannes in der W\u00fcste ern\u00e4hrte. Im Garten wird gesungen, getanzt und gespielt.[\/vc_column_text][\/vc_column][\/vc_row][vc_row el_id=&#8220;Michaeli&#8220;][vc_column][vc_single_image image=&#8220;203&#8243; img_size=&#8220;medium&#8220; alignment=&#8220;center&#8220;][vc_column_text]<\/p>\n<h2 style=\"text-align: center;\">Michaelifest<\/h2>\n<p>[\/vc_column_text][vc_column_text]Seit dem 9. Jahrhundert wird am 29. September in christlichen Gegenden der Michaelstag gefeiert, gefolgt von einer vierw\u00f6chigen Festezeit. Michaeli ist ein Fest, welches bildhaft f\u00fcr Geisteswachheit und Mut steht. Im Herbst zeigt uns die Natur ihren Niedergang durch das Verwelkende; genau hingeschaut sind aber unter dem Absterbenden auch schon die Knospen f\u00fcr einen Wiederbeginn zu entdecken.<\/p>\n<p>Zum Herbstbeginn, nach der Tag- und Nachtgleiche, feiern wir das Michaelifest mit den Kindern, um ihnen Jahr f\u00fcr Jahr starke aufbauende Bilder mitzugeben f\u00fcr die Herausforderungen der heutigen Zeit, die insgesamt ganz im Zeichen des michaelischen Geisteskampfes steht, den wir Erwachsene alle zutiefst erleben. In der Offenbarung des Johannes wird der Streit im Himmel beschrieben, bei dem Sankt Michael mit seinen Heerscharen \u201e\u2026 den Drachen, die alte Schlange, die da hei\u00dft Teufel und Satan, der die Welt verf\u00fchrt &#8230;\u201c aus dem Himmel in die Tiefe st\u00fcrzt. Fortan findet das Wirken der Widersacherm\u00e4chte auf der Erde unter uns Menschen statt, und der Mensch muss nun diesen Kampf im Inneren ausfechten.<\/p>\n<p>Das Bild von Erzengel Michael, der den Drachen besiegt, ist in vielf\u00e4ltiger Weise in der Malerei dargestellt. Der Kampf steht f\u00fcr die Kraft und den Seelenmut, der aufgebracht werden muss, um niederziehende Kr\u00e4fte wie Feigheit, Egoismus und Unwahrhaftigkeit in ihre Schranken zu weisen. Es zeigt, wie Michael den Drachen \u201eunter seinen Fu\u00df gesetzt\u201c, aber ihn nicht t\u00f6tet. Der Sieg ist kein endg\u00fcltiger, sondern ist ein st\u00e4ndiges Ringen um einen bewussten Umgang mit den Verf\u00fchrungen der Zeit.<\/p>\n<p>Auch das Schwert ist oft in Bildern zu sehen, denn im Moment der Tat braucht es des Schwertes Scheidekraft, mit der geistesgegenw\u00e4rtig das Richtige vom Falschen unterschieden werden muss.<\/p>\n<p>F\u00fcr die Erwachsenen sind dies Bilder, die aufrufen die niederziehenden Kr\u00e4fte zu erkennen und in ihre Schranken zu verweisen, sich innerlich zu ordnen, zu kl\u00e4ren, die eigenen \u00c4ngste und die innere Bequemlichkeit zu bek\u00e4mpfen und sich etwas zuzumuten.<\/p>\n<p>Die Kinder singen Lieder von Mut und St\u00e4rke und sehen das Puppenspiel vom Stierlein, das die Prinzessin mit Mut, Kraft und Entschiedenheit erl\u00f6st. Auch der Schmied, der rotgl\u00fchendes Eisen (im Blut ist Eisen ein wichtiger Tr\u00e4ger von Wachheit und Kraft) mit entschiedenen Schl\u00e4gen zu Schwertern formt, ist ein beliebtes Bild in Liedern und die Kinder bauen sich selber gerne Schwerter in verschiedenen Varianten.[\/vc_column_text][\/vc_column][\/vc_row][vc_row el_id=&#8220;Martinsfest&#8220;][vc_column][vc_single_image image=&#8220;204&#8243; img_size=&#8220;medium&#8220; alignment=&#8220;center&#8220;][vc_column_text]<\/p>\n<h2 style=\"text-align: center;\">Martinsfest<\/h2>\n<p>[\/vc_column_text][vc_column_text]\u201eWerden die Tage kurz, werden die Herzen hell \u2026\u201c hei\u00dft ein Spruch, der das Schwinden des \u00e4u\u00dferen Lichts in eine Beziehung setzt zu dem seelischen Prozess, der sich nun entwickelt. Die l\u00e4ngere Dunkelheit fordert uns auf wieder mehr im Inneren das Licht zu suchen. Den sch\u00f6nen Brauch des Laternenfests am Martinstag pflegen wir gerne, indem die Kinder ihr selbstgebasteltes kleines Laternenlicht singend durch das erste Dunkel tragen. In der Martinslegende treten die Motive des Mitgef\u00fchls, der N\u00e4chstenliebe und des Teilens auf, die wir auch in dem Puppenspiel \u201eLaternenm\u00e4dchen\u201c zur Darstellung bringen, was den Kindern an diesem Tag vom Puppenspielkreis geboten wird.[\/vc_column_text][\/vc_column][\/vc_row][vc_row el_id=&#8220;Adventsgaertlein&#8220;][vc_column][vc_single_image image=&#8220;292&#8243; img_size=&#8220;medium&#8220; alignment=&#8220;center&#8220;][vc_column_text]<\/p>\n<h2 style=\"text-align: center;\">Adventszeit<\/h2>\n<p>[\/vc_column_text][vc_column_text]Die Kerzen, von denen die erste schon in der Martinslaterne entz\u00fcndet wurde, spielen eine immer gr\u00f6\u00dfere Rolle in der Adventzeit bis hin zu Weihnachten. Den Beginn der Adventszeit feiern wir mit dem Begehen des Adventsg\u00e4rtleins.<\/p>\n<p>In unserem Saal wird eine Spirale aus Tannengr\u00fcn, Moos, Edelsteinen, Rosen und Christrosen gelegt. Darin verteilt steht f\u00fcr jedes Kind ein Apfel, in dem eine Kerze steckt. Die Kinder ziehen gemeinsam mit den ErzieherInnen singend in den Raum ein. Eine Kerze in der Mitte des Raumes spendet etwas Licht. W\u00e4hrend Adventslieder gesungen werden und Musik erklingt, geht jedes Kind \u2013 je nach Alter \u2013 alleine in die Spirale hinein, nimmt sich eine Apfelkerze, z\u00fcndet sie an der gro\u00dfen Kerze in der Mitte an und geht seinen Weg \u2013 in dieser musikalischen Stille \u2013 wieder hinaus; zuvor stellt es die Kerze wieder auf ihren Platz zur\u00fcck. Mit jedem entz\u00fcndeten Licht erhellt und erw\u00e4rmt sich nach und nach der Raum. Das Begehen der Spirale ist uns ein Wahrbild f\u00fcr das Suchen des Lichtes auf dem Lebensweg, das Finden des Lichtes im eigenen Innern und endlich auch das Abgeben des Lichtes, wenn es den ganzen Raum f\u00fcr alle erhellt.<br \/>\nDies ist im Kindergarten der Beginn der Adventszeit, die wir versuchen, mit viel Ruhe und Besinnlichkeit zu gestalten. Das ist heute umso wichtiger, weil heute das Getriebe der Geschenkeindustrie den Charakter einer Vorbereitung auf Weihnachten verlieren l\u00e4sst.<\/p>\n<p>Im Gruppenraum sehen die Kinder auf einem Tisch mit Puppen dargestellt Maria, Josef und das Eselchen, wie sie einen langen gewundenen Weg zur Krippe gehen. Nach der t\u00e4glichen Geschichte dazu darf ein Kind die Figuren auf dem Weg ein St\u00fcckchen weiter fortschreiten lassen.<\/p>\n<p>In diese Zeit f\u00e4llt das Nikolausfest, dessen Tradition wir aufgreifen mit dem Bild des heiligen Nikolaus. In den Legenden wird deutlich, dass Nikolaus den notleidenden Menschen unverhofft und aus dem Verborgenen heraus mit seinen Gaben hilft. \u00dcber Nacht kommt er, bringt den \u201ezugebundenen\u201c Sack oder legt N\u00e4hrendes in die Schuhe der Kinder \u2013 Schuhe als Sinnbild f\u00fcr den physischen ganz individuellen Lebensweg \u2013, um Leib und Seele mit \u00c4pfeln und N\u00fcssen zu st\u00e4rken. Bei uns bringt er auch ein S\u00e4ckchen mit Weizenk\u00f6rnern, die uns als Saat f\u00fcr den gr\u00fcnen Osterweizen dienen.[\/vc_column_text][\/vc_column][\/vc_row][vc_row el_id=&#8220;Weihnachten&#8220;][vc_column][vc_single_image image=&#8220;293&#8243; img_size=&#8220;medium&#8220; alignment=&#8220;center&#8220;][vc_column_text]<\/p>\n<h2 style=\"text-align: center;\">Weihnachten<\/h2>\n<p>[\/vc_column_text][vc_column_text]Der H\u00f6hepunkt dieser langen Erwartungszeit ist die Geburt des Christkindes. Gefeiert wird eigentlich die Bef\u00e4higung eines jeden Menschen, in sich das G\u00f6ttliche entwickeln zu k\u00f6nnen; dieses Werdende, noch ganz Kindliche steht im Mittelpunkt des\u00a0<b>Weihnachtsfestes<\/b>.<br \/>\nDie Festtage selber fallen immer in die l\u00e4ngere Winterschlie\u00dfzeit und bleiben ganz den Familien \u00fcberlassen und so verbleibt die kleine Abschlussfeier kurz vor den Weihnachtstagen noch mehr im Charakter der Vorbereitung. Das Backen von Weihnachtspl\u00e4tzchen und das Ziehen von Bienenwachskerzen verbreiten erst den Geschmack und Geruch von Weihnachten. Im t\u00e4glichen Reigen entsteht aber schon ein Krippenspiel, das am letzten Kindergartentag gerne aufgef\u00fchrt wird.[\/vc_column_text][\/vc_column][\/vc_row][vc_row el_id=&#8220;Dreikoenigszeit&#8220;][vc_column][vc_single_image image=&#8220;294&#8243; img_size=&#8220;medium&#8220; alignment=&#8220;center&#8220;][vc_column_text]<\/p>\n<h2 style=\"text-align: center;\">Dreik\u00f6nigsfest<\/h2>\n<p>[\/vc_column_text][vc_column_text]Nachdem das Bild der Hirtenkrippe in den Weihnachtstagen vor der Seele gestanden hat, wird den Kindern im Kindergarten zum\u00a0<b>Dreik\u00f6nigstag\u00a0<\/b>erg\u00e4nzend ein weiteres geboten; sie finden eine sehr ver\u00e4nderte Krippe vor. W\u00e4hrend die Hirten das physische Jesuskindlein wahrgenommen haben, deutet das ver\u00e4nderte Krippenbild aus dem Matth\u00e4usevangelium eine andere Art der Wahrnehmung an. Es waren drei Eingeweihte, die \u00fcber jede r\u00e4umliche Entfernung hinweg eine gro\u00dfe Seele im Bild eines Sternes wahrnahmen konnten und dieser Offenbarung folgten. In vielen Gegenden und Religionen ist dieser Tag der wichtigste des Jahres. Die Epiphanie (Erscheinung) ist eine, die \u00fcber Jesus hinaus, den Christus und seine Wiederkunft in der Zukunft schon vorwegnimmt.<\/p>\n<p>Die Weisen aus dem Morgenland wurden seit dem 3. Jahrhundert als K\u00f6nige bezeichnet und erhielten im 6. Jahrhundert erstmals ihre Namen. Einer der K\u00f6nige war in der Regel von schwarzer Hautfarbe, weil die Heiligen Drei K\u00f6nige als Repr\u00e4sentanten der damals bekannten drei Kontinente Asien, Afrika und Europa angesehen wurden, wie auch als Vertreter der drei Lebensalter (Jugend, Lebensmitte, Greisenalter). Der erste ist der rote K\u00f6nig (Melchior). Er bringt als Geschenk das rote Gold \u2013 Gold als Symbol f\u00fcr Weisheit und Erkenntniskr\u00e4fte. Der blaue K\u00f6nig (Balthasar) bringt als Opfergabe Weihrauch als Symbol des Gebetes. Kaspar, der gr\u00fcne K\u00f6nig bringt Myrrhe, die f\u00fcr ihre Heilwirkung bekannt ist. Sie steht als Symbol f\u00fcr die Verbindung der Menschenseele mit dem G\u00f6ttlich-Geistigen.<\/p>\n<p>Die Kinder schl\u00fcpfen gerne in die Rollen der drei K\u00f6nige und der k\u00f6niglichen Maria. Sie spielen das Folgen des Sternes und stehen and\u00e4chtig mit selbstgebastelter roter, gr\u00fcner oder blauer Krone vor dem \u201em\u00e4chtigsten K\u00f6nig\u201c.[\/vc_column_text][\/vc_column][\/vc_row][vc_row el_id=&#8220;Karneval&#8220;][vc_column][vc_single_image image=&#8220;178&#8243; img_size=&#8220;medium&#8220; alignment=&#8220;center&#8220;][vc_column_text]<\/p>\n<h2 style=\"text-align: center;\">Karneval \/ Winteraustreiben<\/h2>\n<p>[\/vc_column_text][vc_column_text]Je nach Gegend wird Karneval unterschiedlich gefeiert und mit Bedeutung hinterlegt. Wir greifen als sinnvolle Tradition das Verkleiden aus dem rheinischen Karneval auf und von den heidnischen Br\u00e4uchen das Winteraustreiben. Es beginnt in dieser Jahreszeit ein Ringen der Sonnenkraft mit dem vergehenden Winter und so helfen wir beim Winteraustreiben mit lauten Schellen und Rasseln und Liedern, welche die Wintergeister aufschrecken.<\/p>\n<h5>&#8230;. nun treiben wir den Winter aus, den alten, kalten Kr\u00e4chzer, wir jagen ihn zum Land hinaus, den Grie\u00dfgram, Brummb\u00e4r, \u00c4chzer, und laden uns den Fr\u00fchling ein mit Blumen und mit Sonnenschein&#8230; \u201e<\/h5>\n<p>Die Kirche hat die \u201eTollen Tage\u201c gerne moralisierend eingesetzt, und nutzte das zeitweise Ausleben von sinnlichen, \u201es\u00fcndigen\u201c Gel\u00fcsten, als kontrolliertes Ventil, welches auf das strenge Fasten vor Ostern vorbereitete. Heute wird die Kost\u00fcmierung gerne genutzt, um die Realit\u00e4t mal auf den Kopf zu stellen und in eine ganz andere Rolle zu schl\u00fcpfen.<\/p>\n<p>Der Spa\u00df am Verkleiden findet bei uns am Weiberdonnerstag auch seinen Platz. Das Verkleiden bleibt aber so zur\u00fcckhaltend, dass die Kleinsten nicht verunsichert werden, weil sie sonst das Vertraute nicht wiedererkennen, sind sie doch erst gerade dabei ihre ureigene Pers\u00f6nlichkeit auszubilden.[\/vc_column_text][\/vc_column][\/vc_row][vc_row][vc_column][vc_single_image image=&#8220;337&#8243; img_size=&#8220;medium&#8220; alignment=&#8220;center&#8220;][vc_column_text]<\/p>\n<h2 style=\"text-align: center;\">Fr\u00fchlingsfest<\/h2>\n<p>[\/vc_column_text][vc_column_text]Beim Fr\u00fchlingsfest laufen die Kinder mit ihren selbstgeschnitzten Fr\u00fchlingsstecken durch den Garten und helfen mit den klingenden Gl\u00f6ckchen die noch versteckten Bl\u00fcmchen zu wecken, die sich so gerade erst nach der Wintersruhe aus der Erde hervorwagen. Die von den Eltern mitgebrachten Fr\u00fchjahrsbl\u00fcher helfen, dem Fr\u00fchling einen Schubs zu geben und bringen wieder Farbe in den Garten.[\/vc_column_text][vc_btn title=&#8220;Impressionen von unseren Jahresfesten&#8220; style=&#8220;custom&#8220; custom_background=&#8220;#944008&#8243; custom_text=&#8220;#ffffff&#8220; size=&#8220;lg&#8220; align=&#8220;center&#8220; link=&#8220;url:https%3A%2F%2Fwaldorfkita.de%2Fkinderhaus%2Fimpressionen-2%2F|||&#8220;][\/vc_column][\/vc_row]<\/p>\n<\/div>","protected":false},"excerpt":{"rendered":"<p>[vc_row][vc_column][vc_column_text] Feste im Jahreslauf Das Atmen der Erde dr\u00fcckt sich in unseren Breitengraden in den Jahreszeiten aus, in die sich auch der Reigen der christlichen Feste<span class=\"excerpt-hellip\"> [\u2026]<\/span><\/p>\n","protected":false},"author":2,"featured_media":0,"parent":0,"menu_order":0,"comment_status":"closed","ping_status":"closed","template":"","meta":{"footnotes":""},"class_list":["post-438","page","type-page","status-publish","hentry"],"yoast_head":"<!-- This site is optimized with the Yoast SEO plugin v24.7 - https:\/\/yoast.com\/wordpress\/plugins\/seo\/ -->\n<title>Feste | Waldorf-Kinderhaus Bergisch Gladbach<\/title>\n<meta name=\"robots\" content=\"index, follow, max-snippet:-1, max-image-preview:large, max-video-preview:-1\" \/>\n<link rel=\"canonical\" href=\"https:\/\/waldorfkita.de\/kinderhaus\/feste\/\" \/>\n<meta property=\"og:locale\" content=\"de_DE\" \/>\n<meta property=\"og:type\" content=\"article\" \/>\n<meta property=\"og:title\" content=\"Feste | Waldorf-Kinderhaus Bergisch Gladbach\" \/>\n<meta property=\"og:description\" content=\"[vc_row][vc_column][vc_column_text] Feste im Jahreslauf Das Atmen der Erde dr\u00fcckt sich in unseren Breitengraden in den Jahreszeiten aus, in die sich auch der Reigen der christlichen Feste [\u2026]\" \/>\n<meta property=\"og:url\" content=\"https:\/\/waldorfkita.de\/kinderhaus\/feste\/\" \/>\n<meta property=\"og:site_name\" content=\"Waldorf-Kinderhaus Bergisch Gladbach\" \/>\n<meta property=\"article:modified_time\" content=\"2023-07-21T12:49:37+00:00\" \/>\n<meta name=\"twitter:card\" content=\"summary_large_image\" \/>\n<meta name=\"twitter:label1\" content=\"Gesch\u00e4tzte Lesezeit\" \/>\n\t<meta name=\"twitter:data1\" content=\"16\u00a0Minuten\" \/>\n<script type=\"application\/ld+json\" class=\"yoast-schema-graph\">{\"@context\":\"https:\/\/schema.org\",\"@graph\":[{\"@type\":\"WebPage\",\"@id\":\"https:\/\/waldorfkita.de\/kinderhaus\/feste\/\",\"url\":\"https:\/\/waldorfkita.de\/kinderhaus\/feste\/\",\"name\":\"Feste | Waldorf-Kinderhaus Bergisch Gladbach\",\"isPartOf\":{\"@id\":\"https:\/\/waldorfkita.de\/kinderhaus\/#website\"},\"datePublished\":\"2020-06-13T15:51:12+00:00\",\"dateModified\":\"2023-07-21T12:49:37+00:00\",\"breadcrumb\":{\"@id\":\"https:\/\/waldorfkita.de\/kinderhaus\/feste\/#breadcrumb\"},\"inLanguage\":\"de\",\"potentialAction\":[{\"@type\":\"ReadAction\",\"target\":[\"https:\/\/waldorfkita.de\/kinderhaus\/feste\/\"]}]},{\"@type\":\"BreadcrumbList\",\"@id\":\"https:\/\/waldorfkita.de\/kinderhaus\/feste\/#breadcrumb\",\"itemListElement\":[{\"@type\":\"ListItem\",\"position\":1,\"name\":\"Startseite\",\"item\":\"https:\/\/waldorfkita.de\/kinderhaus\/\"},{\"@type\":\"ListItem\",\"position\":2,\"name\":\"Feste\"}]},{\"@type\":\"WebSite\",\"@id\":\"https:\/\/waldorfkita.de\/kinderhaus\/#website\",\"url\":\"https:\/\/waldorfkita.de\/kinderhaus\/\",\"name\":\"Waldorf-Kinderhaus Bergisch Gladbach\",\"description\":\"Waldorf-Kindergarten Bergisch Gladbach\",\"potentialAction\":[{\"@type\":\"SearchAction\",\"target\":{\"@type\":\"EntryPoint\",\"urlTemplate\":\"https:\/\/waldorfkita.de\/kinderhaus\/?s={search_term_string}\"},\"query-input\":{\"@type\":\"PropertyValueSpecification\",\"valueRequired\":true,\"valueName\":\"search_term_string\"}}],\"inLanguage\":\"de\"}]}<\/script>\n<!-- \/ Yoast SEO plugin. -->","yoast_head_json":{"title":"Feste | Waldorf-Kinderhaus Bergisch Gladbach","robots":{"index":"index","follow":"follow","max-snippet":"max-snippet:-1","max-image-preview":"max-image-preview:large","max-video-preview":"max-video-preview:-1"},"canonical":"https:\/\/waldorfkita.de\/kinderhaus\/feste\/","og_locale":"de_DE","og_type":"article","og_title":"Feste | Waldorf-Kinderhaus Bergisch Gladbach","og_description":"[vc_row][vc_column][vc_column_text] Feste im Jahreslauf Das Atmen der Erde dr\u00fcckt sich in unseren Breitengraden in den Jahreszeiten aus, in die sich auch der Reigen der christlichen Feste [\u2026]","og_url":"https:\/\/waldorfkita.de\/kinderhaus\/feste\/","og_site_name":"Waldorf-Kinderhaus Bergisch Gladbach","article_modified_time":"2023-07-21T12:49:37+00:00","twitter_card":"summary_large_image","twitter_misc":{"Gesch\u00e4tzte Lesezeit":"16\u00a0Minuten"},"schema":{"@context":"https:\/\/schema.org","@graph":[{"@type":"WebPage","@id":"https:\/\/waldorfkita.de\/kinderhaus\/feste\/","url":"https:\/\/waldorfkita.de\/kinderhaus\/feste\/","name":"Feste | Waldorf-Kinderhaus Bergisch Gladbach","isPartOf":{"@id":"https:\/\/waldorfkita.de\/kinderhaus\/#website"},"datePublished":"2020-06-13T15:51:12+00:00","dateModified":"2023-07-21T12:49:37+00:00","breadcrumb":{"@id":"https:\/\/waldorfkita.de\/kinderhaus\/feste\/#breadcrumb"},"inLanguage":"de","potentialAction":[{"@type":"ReadAction","target":["https:\/\/waldorfkita.de\/kinderhaus\/feste\/"]}]},{"@type":"BreadcrumbList","@id":"https:\/\/waldorfkita.de\/kinderhaus\/feste\/#breadcrumb","itemListElement":[{"@type":"ListItem","position":1,"name":"Startseite","item":"https:\/\/waldorfkita.de\/kinderhaus\/"},{"@type":"ListItem","position":2,"name":"Feste"}]},{"@type":"WebSite","@id":"https:\/\/waldorfkita.de\/kinderhaus\/#website","url":"https:\/\/waldorfkita.de\/kinderhaus\/","name":"Waldorf-Kinderhaus Bergisch Gladbach","description":"Waldorf-Kindergarten Bergisch Gladbach","potentialAction":[{"@type":"SearchAction","target":{"@type":"EntryPoint","urlTemplate":"https:\/\/waldorfkita.de\/kinderhaus\/?s={search_term_string}"},"query-input":{"@type":"PropertyValueSpecification","valueRequired":true,"valueName":"search_term_string"}}],"inLanguage":"de"}]}},"_links":{"self":[{"href":"https:\/\/waldorfkita.de\/kinderhaus\/wp-json\/wp\/v2\/pages\/438","targetHints":{"allow":["GET"]}}],"collection":[{"href":"https:\/\/waldorfkita.de\/kinderhaus\/wp-json\/wp\/v2\/pages"}],"about":[{"href":"https:\/\/waldorfkita.de\/kinderhaus\/wp-json\/wp\/v2\/types\/page"}],"author":[{"embeddable":true,"href":"https:\/\/waldorfkita.de\/kinderhaus\/wp-json\/wp\/v2\/users\/2"}],"replies":[{"embeddable":true,"href":"https:\/\/waldorfkita.de\/kinderhaus\/wp-json\/wp\/v2\/comments?post=438"}],"version-history":[{"count":10,"href":"https:\/\/waldorfkita.de\/kinderhaus\/wp-json\/wp\/v2\/pages\/438\/revisions"}],"predecessor-version":[{"id":629,"href":"https:\/\/waldorfkita.de\/kinderhaus\/wp-json\/wp\/v2\/pages\/438\/revisions\/629"}],"wp:attachment":[{"href":"https:\/\/waldorfkita.de\/kinderhaus\/wp-json\/wp\/v2\/media?parent=438"}],"curies":[{"name":"wp","href":"https:\/\/api.w.org\/{rel}","templated":true}]}}